{"id":5291,"date":"2024-02-15T17:04:44","date_gmt":"2024-02-15T17:04:44","guid":{"rendered":"https:\/\/fotobbreportajestienda.es\/?post_type=product&#038;p=5291"},"modified":"2025-03-06T18:37:54","modified_gmt":"2025-03-06T18:37:54","slug":"mini-sesion-dia-del-padre-premium","status":"publish","type":"product","link":"https:\/\/fotobbreportajestienda.es\/?product=mini-sesion-dia-del-padre-premium","title":{"rendered":"Mini Sesi\u00f3n D\u00eda del Padre PREMIUM"},"content":{"rendered":"<h2>\u00bfTEN\u00c9IS YA PENSADO SU REGALO?<\/h2>\n<p>Te proponemos un regalo muy especial para este a\u00f1o: UNA SESI\u00d3N DE FOTOS para \u00e9l con los ni\u00f1os!!. Se trata de una sesi\u00f3n cortita de 15 minutos de duraci\u00f3n en nuestro estudio profesional en las que haremos fotos al padre con su ni\u00f1@ o ni\u00f1@s\u00a0 y adem\u00e1s, un retrato de todo la familia.<\/p>\n<p>La sesi\u00f3n incluye 10 fotos en digital que ser\u00e1n elegidas por ti y podr\u00e1s descargar en tu ordenador a trav\u00e9s de una galer\u00eda privada.<\/p>\n<p>Las sesi\u00f3n tambi\u00e9n incluye un \u00e1lbum digital maquetado con esas 10 mismas fotograf\u00edas. Una vez est\u00e9 maquetado te lo mandaremos para que nos des tu aprobaci\u00f3n y te avisaremos cuando lo recibamos del laboratorio para recoger.<\/p>\n<p>Si lo deseas puedes ampliar tu selecci\u00f3n por foto individuales 8\u20ac o adquirir la galer\u00eda completa (todas las fotos en digital) por 50\u20ac.<\/p>\n<p><strong>PROMOCI\u00d3N SOLO DISPONIBLE HASTA EL 19 DE MARZO<\/strong><\/p>\n<p>Una vez realizada la compra, te prepararemos una tarjeta digital para que se la puedas entregar ese d\u00eda tan especial y te la enviaremos en un email o por whatsapp.<\/p>\n<p>\u00a1Gracias por regalarnos!<\/p>\n","protected":false},"excerpt":{"rendered":"<ul>\n<li>Tarjeta Regalo descargable<\/li>\n<li>15 minutos de sesi\u00f3n en estudio<\/li>\n<li>Fotos del padre con los ni\u00f1os<\/li>\n<li>un retrato de toda la familia<\/li>\n<li>10 fotos en digital (descarga) elegidas por ti<\/li>\n<li>\u00c1lbum 20&#215;20 con esas mismas 10 fotos<\/li>\n<li>(Beb\u00e9s a partir de 6 meses)<\/li>\n<li>Opci\u00f3n de ampliar fotos en digital o comprar galer\u00eda completa<\/li>\n<\/ul>\n","protected":false},"featured_media":4728,"template":"","meta":{"site-sidebar-layout":"default","site-content-layout":"default","ast-global-header-display":"","ast-main-header-display":"","ast-hfb-above-header-display":"","ast-hfb-below-header-display":"","ast-hfb-mobile-header-display":"","site-post-title":"","ast-breadcrumbs-content":"","ast-featured-img":"","footer-sml-layout":"","theme-transparent-header-meta":"default","adv-header-id-meta":"","stick-header-meta":"","header-above-stick-meta":"","header-main-stick-meta":"","header-below-stick-meta":""},"product_cat":[110],"product_tag":[],"class_list":{"0":"post-5291","1":"product","2":"type-product","3":"status-publish","4":"has-post-thumbnail","6":"product_cat-promociones-especiales","7":"desktop-align-center","8":"tablet-align-center","9":"mobile-align-center","11":"first","12":"instock","13":"taxable","14":"shipping-taxable","15":"purchasable","16":"product-type-simple"},"_links":{"self":[{"href":"https:\/\/fotobbreportajestienda.es\/index.php?rest_route=\/wp\/v2\/product\/5291"}],"collection":[{"href":"https:\/\/fotobbreportajestienda.es\/index.php?rest_route=\/wp\/v2\/product"}],"about":[{"href":"https:\/\/fotobbreportajestienda.es\/index.php?rest_route=\/wp\/v2\/types\/product"}],"wp:featuredmedia":[{"embeddable":true,"href":"https:\/\/fotobbreportajestienda.es\/index.php?rest_route=\/wp\/v2\/media\/4728"}],"wp:attachment":[{"href":"https:\/\/fotobbreportajestienda.es\/index.php?rest_route=%2Fwp%2Fv2%2Fmedia&parent=5291"}],"wp:term":[{"taxonomy":"product_cat","embeddable":true,"href":"https:\/\/fotobbreportajestienda.es\/index.php?rest_route=%2Fwp%2Fv2%2Fproduct_cat&post=5291"},{"taxonomy":"product_tag","embeddable":true,"href":"https:\/\/fotobbreportajestienda.es\/index.php?rest_route=%2Fwp%2Fv2%2Fproduct_tag&post=5291"}],"curies":[{"name":"wp","href":"https:\/\/api.w.org\/{rel}","templated":true}]}}